{"id":2019,"date":"2025-11-05T00:44:44","date_gmt":"2025-11-05T03:44:44","guid":{"rendered":"https:\/\/www.cimtalca.cl\/?page_id=2019"},"modified":"2025-12-22T13:30:19","modified_gmt":"2025-12-22T16:30:19","slug":"equipo","status":"publish","type":"page","link":"https:\/\/www.cimtalca.cl\/?page_id=2019","title":{"rendered":"Equipo"},"content":{"rendered":"\t\t<div data-elementor-type=\"wp-page\" data-elementor-id=\"2019\" class=\"elementor elementor-2019\">\n\t\t\t\t<div class=\"elementor-element elementor-element-9854065 e-flex e-con-boxed e-con e-parent\" data-id=\"9854065\" data-element_type=\"container\">\n\t\t\t\t\t<div class=\"e-con-inner\">\n\t\t\t\t<div class=\"elementor-element elementor-element-fb2268d elementor-widget elementor-widget-heading\" data-id=\"fb2268d\" data-element_type=\"widget\" data-widget_type=\"heading.default\">\n\t\t\t\t<div class=\"elementor-widget-container\">\n\t\t\t\t\t<h2 class=\"elementor-heading-title elementor-size-default\">Equipo de Trabajo<\/h2>\t\t\t\t<\/div>\n\t\t\t\t<\/div>\n\t\t\t\t\t<\/div>\n\t\t\t\t<\/div>\n\t\t<div class=\"elementor-element elementor-element-30526fe e-flex e-con-boxed e-con e-parent\" data-id=\"30526fe\" data-element_type=\"container\">\n\t\t\t\t\t<div class=\"e-con-inner\">\n\t\t<div class=\"elementor-element elementor-element-dd47d0e e-con-full e-flex e-con e-child\" data-id=\"dd47d0e\" data-element_type=\"container\">\n\t\t\t\t<div class=\"elementor-element elementor-element-a461686 elementor-widget__width-initial elementor-widget-mobile__width-initial elementor-widget elementor-widget-image\" data-id=\"a461686\" data-element_type=\"widget\" data-widget_type=\"image.default\">\n\t\t\t\t<div class=\"elementor-widget-container\">\n\t\t\t\t\t\t\t\t\t\t\t\t\t\t\t<img fetchpriority=\"high\" decoding=\"async\" width=\"529\" height=\"530\" src=\"https:\/\/www.cimtalca.cl\/wp-content\/uploads\/2025\/11\/medico.jpeg\" class=\"attachment-large size-large wp-image-2271\" alt=\"\" srcset=\"https:\/\/www.cimtalca.cl\/wp-content\/uploads\/2025\/11\/medico.jpeg 529w, https:\/\/www.cimtalca.cl\/wp-content\/uploads\/2025\/11\/medico-300x300.jpeg 300w, https:\/\/www.cimtalca.cl\/wp-content\/uploads\/2025\/11\/medico-150x150.jpeg 150w, https:\/\/www.cimtalca.cl\/wp-content\/uploads\/2025\/11\/medico-270x270.jpeg 270w, https:\/\/www.cimtalca.cl\/wp-content\/uploads\/2025\/11\/medico-230x230.jpeg 230w\" sizes=\"(max-width: 529px) 100vw, 529px\" \/>\t\t\t\t\t\t\t\t\t\t\t\t\t\t\t<\/div>\n\t\t\t\t<\/div>\n\t\t\t\t<\/div>\n\t\t<div class=\"elementor-element elementor-element-f38e383 e-con-full e-flex e-con e-child\" data-id=\"f38e383\" data-element_type=\"container\">\n\t\t\t\t<div class=\"elementor-element elementor-element-a075f6a elementor-widget__width-initial elementor-widget-mobile__width-initial elementor-widget elementor-widget-text-editor\" data-id=\"a075f6a\" data-element_type=\"widget\" data-widget_type=\"text-editor.default\">\n\t\t\t\t<div class=\"elementor-widget-container\">\n\t\t\t\t\t\t\t\t\t<h6>Dr. Rafael Silva Orellana\u00a0<br \/>M\u00e9dico broncopulmonar<\/h6><p><span style=\"color: #008000;\"><strong>Experiencia<\/strong><\/span><br \/>Formado en la Pontificia Universidad Cat\u00f3lica de Chile, especializado en Beca de Respiratorio en la Universidad de Chile, mas de 30 a\u00f1os atendiendo pacientes con enfermedades Respiratorias en el Hospital Regional de Talca , investigador del \u00e1rea respiratoria con m\u00faltiples publicaciones cient\u00edficas en los \u00faltimos a\u00f1os. Experiencia en docencia universitaria en pre y pos grado.<\/p><p>Actualmente Director M\u00e9dico del Centro de Investigaci\u00f3n del Maule e investigador principal.<\/p>\t\t\t\t\t\t\t\t<\/div>\n\t\t\t\t<\/div>\n\t\t\t\t<\/div>\n\t\t\t\t\t<\/div>\n\t\t\t\t<\/div>\n\t\t<div class=\"elementor-element elementor-element-1794c8f e-flex e-con-boxed e-con e-parent\" data-id=\"1794c8f\" data-element_type=\"container\">\n\t\t\t\t\t<div class=\"e-con-inner\">\n\t\t<div class=\"elementor-element elementor-element-f701b7e e-con-full e-flex e-con e-child\" data-id=\"f701b7e\" data-element_type=\"container\">\n\t\t\t\t<div class=\"elementor-element elementor-element-904ce46 elementor-widget__width-initial elementor-widget elementor-widget-image\" data-id=\"904ce46\" data-element_type=\"widget\" data-widget_type=\"image.default\">\n\t\t\t\t<div class=\"elementor-widget-container\">\n\t\t\t\t\t\t\t\t\t\t\t\t\t\t\t<img decoding=\"async\" width=\"750\" height=\"1000\" src=\"https:\/\/www.cimtalca.cl\/wp-content\/uploads\/2025\/12\/Dra.-Carolina-Gonzalez-Vicepdta.jpeg\" class=\"attachment-medium_large size-medium_large wp-image-2518\" alt=\"\" srcset=\"https:\/\/www.cimtalca.cl\/wp-content\/uploads\/2025\/12\/Dra.-Carolina-Gonzalez-Vicepdta.jpeg 768w, https:\/\/www.cimtalca.cl\/wp-content\/uploads\/2025\/12\/Dra.-Carolina-Gonzalez-Vicepdta-225x300.jpeg 225w, https:\/\/www.cimtalca.cl\/wp-content\/uploads\/2025\/12\/Dra.-Carolina-Gonzalez-Vicepdta-113x150.jpeg 113w\" sizes=\"(max-width: 750px) 100vw, 750px\" \/>\t\t\t\t\t\t\t\t\t\t\t\t\t\t\t<\/div>\n\t\t\t\t<\/div>\n\t\t\t\t<\/div>\n\t\t<div class=\"elementor-element elementor-element-ba2c7dd e-con-full e-flex e-con e-child\" data-id=\"ba2c7dd\" data-element_type=\"container\">\n\t\t\t\t<div class=\"elementor-element elementor-element-97f473a elementor-widget elementor-widget-text-editor\" data-id=\"97f473a\" data-element_type=\"widget\" data-widget_type=\"text-editor.default\">\n\t\t\t\t<div class=\"elementor-widget-container\">\n\t\t\t\t\t\t\t\t\t<h6>Dra. Carolina Gonzalez Navarro<br \/>M\u00e9dico Internista<\/h6><p><span style=\"color: #008000;\"><strong>Experiencia<\/strong><\/span><\/p><p>Formada en Universidad de Concepci\u00f3n, especializada en medicina interna.<br \/>24 a\u00f1os trabajando en el Hospital Regional de Talca (UCI\/UTI) y hace 15 a\u00f1os en policl\u00ednico de cr\u00f3nicos en CDT de HRT.<br \/>Subinvestigadora del Centro de Investigaci\u00f3n del Maule.<\/p>\t\t\t\t\t\t\t\t<\/div>\n\t\t\t\t<\/div>\n\t\t\t\t<\/div>\n\t\t\t\t\t<\/div>\n\t\t\t\t<\/div>\n\t\t\t\t<\/div>\n\t\t","protected":false},"excerpt":{"rendered":"<p>Equipo de Trabajo Dr. Rafael Silva Orellana\u00a0M\u00e9dico broncopulmonar ExperienciaFormado en la Pontificia Universidad Cat\u00f3lica de Chile, especializado en Beca de Respiratorio en la Universidad de Chile, mas de 30 a\u00f1os atendiendo pacientes con enfermedades Respiratorias en el Hospital Regional de<\/p>\n","protected":false},"author":1,"featured_media":0,"parent":0,"menu_order":0,"comment_status":"closed","ping_status":"closed","template":"","meta":{"_joinchat":[],"footnotes":""},"class_list":["post-2019","page","type-page","status-publish","hentry"],"yoast_head":"<!-- This site is optimized with the Yoast SEO plugin v26.2 - https:\/\/yoast.com\/wordpress\/plugins\/seo\/ -->\n<title>Equipo - Centro de Investigaci\u00f3n del Maule<\/title>\n<meta name=\"robots\" content=\"index, follow, max-snippet:-1, max-image-preview:large, max-video-preview:-1\" \/>\n<link rel=\"canonical\" href=\"https:\/\/www.cimtalca.cl\/?page_id=2019\" \/>\n<meta property=\"og:locale\" content=\"es_ES\" \/>\n<meta property=\"og:type\" content=\"article\" \/>\n<meta property=\"og:title\" content=\"Equipo - Centro de Investigaci\u00f3n del Maule\" \/>\n<meta property=\"og:description\" content=\"Equipo de Trabajo Dr. Rafael Silva Orellana\u00a0M\u00e9dico broncopulmonar ExperienciaFormado en la Pontificia Universidad Cat\u00f3lica de Chile, especializado en Beca de Respiratorio en la Universidad de Chile, mas de 30 a\u00f1os atendiendo pacientes con enfermedades Respiratorias en el Hospital Regional de\" \/>\n<meta property=\"og:url\" content=\"https:\/\/www.cimtalca.cl\/?page_id=2019\" \/>\n<meta property=\"og:site_name\" content=\"Centro de Investigaci\u00f3n del Maule\" \/>\n<meta property=\"article:publisher\" content=\"https:\/\/www.facebook.com\/profile.php?id=100063657606037#\" \/>\n<meta property=\"article:modified_time\" content=\"2025-12-22T16:30:19+00:00\" \/>\n<meta property=\"og:image\" content=\"https:\/\/www.cimtalca.cl\/wp-content\/uploads\/2025\/11\/medico.jpeg\" \/>\n\t<meta property=\"og:image:width\" content=\"529\" \/>\n\t<meta property=\"og:image:height\" content=\"530\" \/>\n\t<meta property=\"og:image:type\" content=\"image\/jpeg\" \/>\n<meta name=\"twitter:card\" content=\"summary_large_image\" \/>\n<meta name=\"twitter:label1\" content=\"Tiempo estimado de lectura\" \/>\n\t<meta name=\"twitter:data1\" content=\"1 minuto\" \/>\n<script type=\"application\/ld+json\" class=\"yoast-schema-graph\">{\"@context\":\"https:\/\/schema.org\",\"@graph\":[{\"@type\":\"WebPage\",\"@id\":\"https:\/\/www.cimtalca.cl\/?page_id=2019\",\"url\":\"https:\/\/www.cimtalca.cl\/?page_id=2019\",\"name\":\"Equipo - Centro de Investigaci\u00f3n del Maule\",\"isPartOf\":{\"@id\":\"https:\/\/www.cimtalca.cl\/#website\"},\"primaryImageOfPage\":{\"@id\":\"https:\/\/www.cimtalca.cl\/?page_id=2019#primaryimage\"},\"image\":{\"@id\":\"https:\/\/www.cimtalca.cl\/?page_id=2019#primaryimage\"},\"thumbnailUrl\":\"https:\/\/www.cimtalca.cl\/wp-content\/uploads\/2025\/11\/medico.jpeg\",\"datePublished\":\"2025-11-05T03:44:44+00:00\",\"dateModified\":\"2025-12-22T16:30:19+00:00\",\"breadcrumb\":{\"@id\":\"https:\/\/www.cimtalca.cl\/?page_id=2019#breadcrumb\"},\"inLanguage\":\"es-CL\",\"potentialAction\":[{\"@type\":\"ReadAction\",\"target\":[\"https:\/\/www.cimtalca.cl\/?page_id=2019\"]}]},{\"@type\":\"ImageObject\",\"inLanguage\":\"es-CL\",\"@id\":\"https:\/\/www.cimtalca.cl\/?page_id=2019#primaryimage\",\"url\":\"https:\/\/www.cimtalca.cl\/wp-content\/uploads\/2025\/11\/medico.jpeg\",\"contentUrl\":\"https:\/\/www.cimtalca.cl\/wp-content\/uploads\/2025\/11\/medico.jpeg\",\"width\":529,\"height\":530},{\"@type\":\"BreadcrumbList\",\"@id\":\"https:\/\/www.cimtalca.cl\/?page_id=2019#breadcrumb\",\"itemListElement\":[{\"@type\":\"ListItem\",\"position\":1,\"name\":\"Portada\",\"item\":\"https:\/\/www.cimtalca.cl\/\"},{\"@type\":\"ListItem\",\"position\":2,\"name\":\"Equipo\"}]},{\"@type\":\"WebSite\",\"@id\":\"https:\/\/www.cimtalca.cl\/#website\",\"url\":\"https:\/\/www.cimtalca.cl\/\",\"name\":\"Centro Investigacion del Maule\",\"description\":\"Centro de investigaci\u00f3n estudios cl\u00ednicos \u00e1rea respiratoria, cardiol\u00f3gica, oncol\u00f3gica y otros \",\"publisher\":{\"@id\":\"https:\/\/www.cimtalca.cl\/#organization\"},\"potentialAction\":[{\"@type\":\"SearchAction\",\"target\":{\"@type\":\"EntryPoint\",\"urlTemplate\":\"https:\/\/www.cimtalca.cl\/?s={search_term_string}\"},\"query-input\":{\"@type\":\"PropertyValueSpecification\",\"valueRequired\":true,\"valueName\":\"search_term_string\"}}],\"inLanguage\":\"es-CL\"},{\"@type\":\"Organization\",\"@id\":\"https:\/\/www.cimtalca.cl\/#organization\",\"name\":\"Centro Investigacion del Maule\",\"url\":\"https:\/\/www.cimtalca.cl\/\",\"logo\":{\"@type\":\"ImageObject\",\"inLanguage\":\"es-CL\",\"@id\":\"https:\/\/www.cimtalca.cl\/#\/schema\/logo\/image\/\",\"url\":\"https:\/\/www.cimtalca.cl\/wp-content\/uploads\/2025\/10\/logo_150.jpg\",\"contentUrl\":\"https:\/\/www.cimtalca.cl\/wp-content\/uploads\/2025\/10\/logo_150.jpg\",\"width\":150,\"height\":129,\"caption\":\"Centro Investigacion del Maule\"},\"image\":{\"@id\":\"https:\/\/www.cimtalca.cl\/#\/schema\/logo\/image\/\"},\"sameAs\":[\"https:\/\/www.facebook.com\/profile.php?id=100063657606037#\",\"https:\/\/www.unensayoparami.org\/es\/sitios\/CIM\"]}]}<\/script>\n<!-- \/ Yoast SEO plugin. -->","yoast_head_json":{"title":"Equipo - Centro de Investigaci\u00f3n del Maule","robots":{"index":"index","follow":"follow","max-snippet":"max-snippet:-1","max-image-preview":"max-image-preview:large","max-video-preview":"max-video-preview:-1"},"canonical":"https:\/\/www.cimtalca.cl\/?page_id=2019","og_locale":"es_ES","og_type":"article","og_title":"Equipo - Centro de Investigaci\u00f3n del Maule","og_description":"Equipo de Trabajo Dr. Rafael Silva Orellana\u00a0M\u00e9dico broncopulmonar ExperienciaFormado en la Pontificia Universidad Cat\u00f3lica de Chile, especializado en Beca de Respiratorio en la Universidad de Chile, mas de 30 a\u00f1os atendiendo pacientes con enfermedades Respiratorias en el Hospital Regional de","og_url":"https:\/\/www.cimtalca.cl\/?page_id=2019","og_site_name":"Centro de Investigaci\u00f3n del Maule","article_publisher":"https:\/\/www.facebook.com\/profile.php?id=100063657606037#","article_modified_time":"2025-12-22T16:30:19+00:00","og_image":[{"width":529,"height":530,"url":"https:\/\/www.cimtalca.cl\/wp-content\/uploads\/2025\/11\/medico.jpeg","type":"image\/jpeg"}],"twitter_card":"summary_large_image","twitter_misc":{"Tiempo estimado de lectura":"1 minuto"},"schema":{"@context":"https:\/\/schema.org","@graph":[{"@type":"WebPage","@id":"https:\/\/www.cimtalca.cl\/?page_id=2019","url":"https:\/\/www.cimtalca.cl\/?page_id=2019","name":"Equipo - Centro de Investigaci\u00f3n del Maule","isPartOf":{"@id":"https:\/\/www.cimtalca.cl\/#website"},"primaryImageOfPage":{"@id":"https:\/\/www.cimtalca.cl\/?page_id=2019#primaryimage"},"image":{"@id":"https:\/\/www.cimtalca.cl\/?page_id=2019#primaryimage"},"thumbnailUrl":"https:\/\/www.cimtalca.cl\/wp-content\/uploads\/2025\/11\/medico.jpeg","datePublished":"2025-11-05T03:44:44+00:00","dateModified":"2025-12-22T16:30:19+00:00","breadcrumb":{"@id":"https:\/\/www.cimtalca.cl\/?page_id=2019#breadcrumb"},"inLanguage":"es-CL","potentialAction":[{"@type":"ReadAction","target":["https:\/\/www.cimtalca.cl\/?page_id=2019"]}]},{"@type":"ImageObject","inLanguage":"es-CL","@id":"https:\/\/www.cimtalca.cl\/?page_id=2019#primaryimage","url":"https:\/\/www.cimtalca.cl\/wp-content\/uploads\/2025\/11\/medico.jpeg","contentUrl":"https:\/\/www.cimtalca.cl\/wp-content\/uploads\/2025\/11\/medico.jpeg","width":529,"height":530},{"@type":"BreadcrumbList","@id":"https:\/\/www.cimtalca.cl\/?page_id=2019#breadcrumb","itemListElement":[{"@type":"ListItem","position":1,"name":"Portada","item":"https:\/\/www.cimtalca.cl\/"},{"@type":"ListItem","position":2,"name":"Equipo"}]},{"@type":"WebSite","@id":"https:\/\/www.cimtalca.cl\/#website","url":"https:\/\/www.cimtalca.cl\/","name":"Centro Investigacion del Maule","description":"Centro de investigaci\u00f3n estudios cl\u00ednicos \u00e1rea respiratoria, cardiol\u00f3gica, oncol\u00f3gica y otros ","publisher":{"@id":"https:\/\/www.cimtalca.cl\/#organization"},"potentialAction":[{"@type":"SearchAction","target":{"@type":"EntryPoint","urlTemplate":"https:\/\/www.cimtalca.cl\/?s={search_term_string}"},"query-input":{"@type":"PropertyValueSpecification","valueRequired":true,"valueName":"search_term_string"}}],"inLanguage":"es-CL"},{"@type":"Organization","@id":"https:\/\/www.cimtalca.cl\/#organization","name":"Centro Investigacion del Maule","url":"https:\/\/www.cimtalca.cl\/","logo":{"@type":"ImageObject","inLanguage":"es-CL","@id":"https:\/\/www.cimtalca.cl\/#\/schema\/logo\/image\/","url":"https:\/\/www.cimtalca.cl\/wp-content\/uploads\/2025\/10\/logo_150.jpg","contentUrl":"https:\/\/www.cimtalca.cl\/wp-content\/uploads\/2025\/10\/logo_150.jpg","width":150,"height":129,"caption":"Centro Investigacion del Maule"},"image":{"@id":"https:\/\/www.cimtalca.cl\/#\/schema\/logo\/image\/"},"sameAs":["https:\/\/www.facebook.com\/profile.php?id=100063657606037#","https:\/\/www.unensayoparami.org\/es\/sitios\/CIM"]}]}},"_links":{"self":[{"href":"https:\/\/www.cimtalca.cl\/index.php?rest_route=\/wp\/v2\/pages\/2019","targetHints":{"allow":["GET"]}}],"collection":[{"href":"https:\/\/www.cimtalca.cl\/index.php?rest_route=\/wp\/v2\/pages"}],"about":[{"href":"https:\/\/www.cimtalca.cl\/index.php?rest_route=\/wp\/v2\/types\/page"}],"author":[{"embeddable":true,"href":"https:\/\/www.cimtalca.cl\/index.php?rest_route=\/wp\/v2\/users\/1"}],"replies":[{"embeddable":true,"href":"https:\/\/www.cimtalca.cl\/index.php?rest_route=%2Fwp%2Fv2%2Fcomments&post=2019"}],"version-history":[{"count":17,"href":"https:\/\/www.cimtalca.cl\/index.php?rest_route=\/wp\/v2\/pages\/2019\/revisions"}],"predecessor-version":[{"id":2524,"href":"https:\/\/www.cimtalca.cl\/index.php?rest_route=\/wp\/v2\/pages\/2019\/revisions\/2524"}],"wp:attachment":[{"href":"https:\/\/www.cimtalca.cl\/index.php?rest_route=%2Fwp%2Fv2%2Fmedia&parent=2019"}],"curies":[{"name":"wp","href":"https:\/\/api.w.org\/{rel}","templated":true}]}}